{"version":"1.0","provider_name":"Svenska med baby","provider_url":"https:\/\/svenskamedbaby.se\/ar","author_name":"Tre generationer","author_url":"https:\/\/svenskamedbaby.se\/ar\/author\/tre-generationer\/","title":"Tre generationer m\u00f6ts: Hand- och fotavtryck - Svenska med baby","type":"rich","width":600,"height":338,"html":"<blockquote class=\"wp-embedded-content\" data-secret=\"Z2SVFWQ6nT\"><a href=\"https:\/\/svenskamedbaby.se\/ar\/verksamheter\/hand-och-fotavtryck-farsta\/\">Tre generationer m\u00f6ts: Hand- och fotavtryck<\/a><\/blockquote><iframe sandbox=\"allow-scripts\" security=\"restricted\" src=\"https:\/\/svenskamedbaby.se\/ar\/verksamheter\/hand-och-fotavtryck-farsta\/embed\/#?secret=Z2SVFWQ6nT\" width=\"600\" height=\"338\" title=\"&#8220;Tre generationer m\u00f6ts: Hand- och fotavtryck&#8221; &#8212; Svenska med baby\" data-secret=\"Z2SVFWQ6nT\" frameborder=\"0\" marginwidth=\"0\" marginheight=\"0\" scrolling=\"no\" class=\"wp-embedded-content\"><\/iframe><script>\n\/*! This file is auto-generated *\/\n!function(d,l){\"use strict\";l.querySelector&&d.addEventListener&&\"undefined\"!=typeof URL&&(d.wp=d.wp||{},d.wp.receiveEmbedMessage||(d.wp.receiveEmbedMessage=function(e){var t=e.data;if((t||t.secret||t.message||t.value)&&!\/[^a-zA-Z0-9]\/.test(t.secret)){for(var s,r,n,a=l.querySelectorAll('iframe[data-secret=\"'+t.secret+'\"]'),o=l.querySelectorAll('blockquote[data-secret=\"'+t.secret+'\"]'),c=new RegExp(\"^https?:$\",\"i\"),i=0;i<o.length;i++)o[i].style.display=\"none\";for(i=0;i<a.length;i++)s=a[i],e.source===s.contentWindow&&(s.removeAttribute(\"style\"),\"height\"===t.message?(1e3<(r=parseInt(t.value,10))?r=1e3:~~r<200&&(r=200),s.height=r):\"link\"===t.message&&(r=new URL(s.getAttribute(\"src\")),n=new URL(t.value),c.test(n.protocol))&&n.host===r.host&&l.activeElement===s&&(d.top.location.href=t.value))}},d.addEventListener(\"message\",d.wp.receiveEmbedMessage,!1),l.addEventListener(\"DOMContentLoaded\",function(){for(var e,t,s=l.querySelectorAll(\"iframe.wp-embedded-content\"),r=0;r<s.length;r++)(t=(e=s[r]).getAttribute(\"data-secret\"))||(t=Math.random().toString(36).substring(2,12),e.src+=\"#?secret=\"+t,e.setAttribute(\"data-secret\",t)),e.contentWindow.postMessage({message:\"ready\",secret:t},\"*\")},!1)))}(window,document);\n\/\/# sourceURL=https:\/\/svenskamedbaby.se\/wp-includes\/js\/wp-embed.min.js\n<\/script>","thumbnail_url":"https:\/\/svenskamedbaby.se\/wp-content\/uploads\/2024\/06\/Event_fotavtryck-1024x682.png","thumbnail_width":1024,"thumbnail_height":682,"description":"\u00c4ven den som inte \u00e4r det minsta konstn\u00e4rlig kan vara med och g\u00f6ra detta! Sm\u00e5 och stora f\u00f6tter och h\u00e4nder kommer att ta plats p\u00e5 v\u00e5ra konstverk. Vi fikar sj\u00e4lvklart ocks\u00e5, som vi alltid g\u00f6r p\u00e5 v\u00e5ra tr\u00e4ffar. Till denna tr\u00e4ff v\u00e4lkomnar vi sm\u00e5barnsfamiljer med barn upp till 2 \u00e5r, samt svensktalande seniorer."}