{"id":4379,"date":"2026-01-20T13:00:41","date_gmt":"2026-01-20T13:00:41","guid":{"rendered":"https:\/\/svenskamedbaby.se\/?post_type=mec-events&#038;p=4379"},"modified":"2026-04-09T08:08:52","modified_gmt":"2026-04-09T08:08:52","slug":"grannfesten-en-dag-for-hela-garden","status":"publish","type":"mec-events","link":"https:\/\/svenskamedbaby.se\/fa_ir\/verksamheter\/grannfesten-en-dag-for-hela-garden\/","title":{"rendered":"Grannfesten &#8211; En dag f\u00f6r hela g\u00e5rden!"},"content":{"rendered":"<p>Tillsammans l\u00e4r vi k\u00e4nna varandra och utforskar hur man kan skapa ett tryggt och trivsamt bostadsomr\u00e5de. Genom samtal, lek och aktiviteter f\u00e5r b\u00e5de barn och vuxna vara med och bidra med sina tankar. Vi fikar, umg\u00e5s och l\u00e4r k\u00e4nna varandra \u2013 en rolig stund d\u00e4r vi bygger gemenskap och trygghet tillsammans.<br><strong>F\u00f6r f\u00f6r\u00e4ldrar, barn och seniorer.<\/strong><\/p>\n\n\n\n<p><\/p>","protected":false},"excerpt":{"rendered":"<p>Tillsammans l\u00e4r vi k\u00e4nna varandra och utforskar hur man kan skapa ett tryggt och trivsamt bostadsomr\u00e5de. Genom samtal, lek och aktiviteter f\u00e5r b\u00e5de barn och vuxna vara med och bidra med sina tankar. Vi fikar, umg\u00e5s och l\u00e4r k\u00e4nna varandra \u2013 en rolig stund d\u00e4r vi bygger gemenskap och trygghet tillsammans.F\u00f6r f\u00f6r\u00e4ldrar, barn och seniorer.<\/p>","protected":false},"author":20,"featured_media":2050,"comment_status":"closed","ping_status":"closed","template":"","meta":{"_kad_post_transparent":"","_kad_post_title":"","_kad_post_layout":"","_kad_post_sidebar_id":"","_kad_post_content_style":"","_kad_post_vertical_padding":"","_kad_post_feature":"","_kad_post_feature_position":"","_kad_post_header":false,"_kad_post_footer":false},"tags":[],"mec_category":[20],"mec_sponsor":[],"class_list":["post-4379","mec-events","type-mec-events","status-publish","has-post-thumbnail","hentry","mec_category-familjetraffar"],"yoast_head":"<!-- This site is optimized with the Yoast SEO plugin v27.5 - https:\/\/yoast.com\/product\/yoast-seo-wordpress\/ -->\n<title>Grannfesten - En dag f\u00f6r hela g\u00e5rden! - Svenska med baby<\/title>\n<meta name=\"description\" content=\"Tillsammans l\u00e4r vi k\u00e4nna varandra och utforskar hur man kan skapa ett tryggt och trivsamt bostadsomr\u00e5de. Vi fikar, umg\u00e5s och l\u00e4r k\u00e4nna varandra \u2013 en rolig stund d\u00e4r vi bygger gemenskap och trygghet tillsammans.F\u00f6r f\u00f6r\u00e4ldrar, barn och seniorer\" \/>\n<meta name=\"robots\" content=\"index, follow, max-snippet:-1, max-image-preview:large, max-video-preview:-1\" \/>\n<link rel=\"canonical\" href=\"https:\/\/svenskamedbaby.se\/fa_ir\/verksamheter\/grannfesten-en-dag-for-hela-garden\/\" \/>\n<meta property=\"og:locale\" content=\"fa_IR\" \/>\n<meta property=\"og:type\" content=\"article\" \/>\n<meta property=\"og:title\" content=\"Grannfesten - En dag f\u00f6r hela g\u00e5rden! - Svenska med baby\" \/>\n<meta property=\"og:description\" content=\"Tillsammans l\u00e4r vi k\u00e4nna varandra och utforskar hur man kan skapa ett tryggt och trivsamt bostadsomr\u00e5de. Vi fikar, umg\u00e5s och l\u00e4r k\u00e4nna varandra \u2013 en rolig stund d\u00e4r vi bygger gemenskap och trygghet tillsammans.F\u00f6r f\u00f6r\u00e4ldrar, barn och seniorer\" \/>\n<meta property=\"og:url\" content=\"https:\/\/svenskamedbaby.se\/fa_ir\/verksamheter\/grannfesten-en-dag-for-hela-garden\/\" \/>\n<meta property=\"og:site_name\" content=\"Svenska med baby\" \/>\n<meta property=\"article:publisher\" content=\"https:\/\/www.facebook.com\/svenskamedbaby\" \/>\n<meta property=\"article:modified_time\" content=\"2026-04-09T08:08:52+00:00\" \/>\n<meta property=\"og:image\" content=\"https:\/\/svenskamedbaby.se\/wp-content\/uploads\/2024\/09\/Event_TIA_geografi.jpg\" \/>\n\t<meta property=\"og:image:width\" content=\"2000\" \/>\n\t<meta property=\"og:image:height\" content=\"1333\" \/>\n\t<meta property=\"og:image:type\" content=\"image\/jpeg\" \/>\n<meta name=\"twitter:card\" content=\"summary_large_image\" \/>\n<meta name=\"twitter:label1\" content=\"\u0632\u0645\u0627\u0646 \u062a\u0642\u0631\u06cc\u0628\u06cc \u0628\u0631\u0627\u06cc \u062e\u0648\u0627\u0646\u062f\u0646\" \/>\n\t<meta name=\"twitter:data1\" content=\"1 \u062f\u0642\u06cc\u0642\u0647\" \/>\n<script type=\"application\/ld+json\" class=\"yoast-schema-graph\">{\"@context\":\"https:\\\/\\\/schema.org\",\"@graph\":[{\"@type\":\"WebPage\",\"@id\":\"https:\\\/\\\/svenskamedbaby.se\\\/verksamheter\\\/grannfesten-en-dag-for-hela-garden\\\/\",\"url\":\"https:\\\/\\\/svenskamedbaby.se\\\/verksamheter\\\/grannfesten-en-dag-for-hela-garden\\\/\",\"name\":\"Grannfesten - En dag f\u00f6r hela g\u00e5rden! - Svenska med baby\",\"isPartOf\":{\"@id\":\"https:\\\/\\\/svenskamedbaby.se\\\/#website\"},\"primaryImageOfPage\":{\"@id\":\"https:\\\/\\\/svenskamedbaby.se\\\/verksamheter\\\/grannfesten-en-dag-for-hela-garden\\\/#primaryimage\"},\"image\":{\"@id\":\"https:\\\/\\\/svenskamedbaby.se\\\/verksamheter\\\/grannfesten-en-dag-for-hela-garden\\\/#primaryimage\"},\"thumbnailUrl\":\"https:\\\/\\\/svenskamedbaby.se\\\/wp-content\\\/uploads\\\/2024\\\/09\\\/Event_TIA_geografi.jpg\",\"datePublished\":\"2026-01-20T13:00:41+00:00\",\"dateModified\":\"2026-04-09T08:08:52+00:00\",\"description\":\"Tillsammans l\u00e4r vi k\u00e4nna varandra och utforskar hur man kan skapa ett tryggt och trivsamt bostadsomr\u00e5de. Vi fikar, umg\u00e5s och l\u00e4r k\u00e4nna varandra \u2013 en rolig stund d\u00e4r vi bygger gemenskap och trygghet tillsammans.F\u00f6r f\u00f6r\u00e4ldrar, barn och seniorer\",\"breadcrumb\":{\"@id\":\"https:\\\/\\\/svenskamedbaby.se\\\/verksamheter\\\/grannfesten-en-dag-for-hela-garden\\\/#breadcrumb\"},\"inLanguage\":\"fa-IR\",\"potentialAction\":[{\"@type\":\"ReadAction\",\"target\":[\"https:\\\/\\\/svenskamedbaby.se\\\/verksamheter\\\/grannfesten-en-dag-for-hela-garden\\\/\"]}]},{\"@type\":\"ImageObject\",\"inLanguage\":\"fa-IR\",\"@id\":\"https:\\\/\\\/svenskamedbaby.se\\\/verksamheter\\\/grannfesten-en-dag-for-hela-garden\\\/#primaryimage\",\"url\":\"https:\\\/\\\/svenskamedbaby.se\\\/wp-content\\\/uploads\\\/2024\\\/09\\\/Event_TIA_geografi.jpg\",\"contentUrl\":\"https:\\\/\\\/svenskamedbaby.se\\\/wp-content\\\/uploads\\\/2024\\\/09\\\/Event_TIA_geografi.jpg\",\"width\":2000,\"height\":1333},{\"@type\":\"BreadcrumbList\",\"@id\":\"https:\\\/\\\/svenskamedbaby.se\\\/verksamheter\\\/grannfesten-en-dag-for-hela-garden\\\/#breadcrumb\",\"itemListElement\":[{\"@type\":\"ListItem\",\"position\":1,\"name\":\"Home\",\"item\":\"https:\\\/\\\/svenskamedbaby.se\\\/\"},{\"@type\":\"ListItem\",\"position\":2,\"name\":\"Evenemang\",\"item\":\"https:\\\/\\\/svenskamedbaby.se\\\/verksamheter\\\/\"},{\"@type\":\"ListItem\",\"position\":3,\"name\":\"Grannfesten &#8211; En dag f\u00f6r hela g\u00e5rden!\"}]},{\"@type\":\"WebSite\",\"@id\":\"https:\\\/\\\/svenskamedbaby.se\\\/#website\",\"url\":\"https:\\\/\\\/svenskamedbaby.se\\\/\",\"name\":\"Svenska med baby\",\"description\":\"Tr\u00e4ffar f\u00f6r sm\u00e5barn och vuxna med olika bakrund\",\"publisher\":{\"@id\":\"https:\\\/\\\/svenskamedbaby.se\\\/#organization\"},\"potentialAction\":[{\"@type\":\"SearchAction\",\"target\":{\"@type\":\"EntryPoint\",\"urlTemplate\":\"https:\\\/\\\/svenskamedbaby.se\\\/?s={search_term_string}\"},\"query-input\":{\"@type\":\"PropertyValueSpecification\",\"valueRequired\":true,\"valueName\":\"search_term_string\"}}],\"inLanguage\":\"fa-IR\"},{\"@type\":\"Organization\",\"@id\":\"https:\\\/\\\/svenskamedbaby.se\\\/#organization\",\"name\":\"Svenska med baby\",\"url\":\"https:\\\/\\\/svenskamedbaby.se\\\/\",\"logo\":{\"@type\":\"ImageObject\",\"inLanguage\":\"fa-IR\",\"@id\":\"https:\\\/\\\/svenskamedbaby.se\\\/#\\\/schema\\\/logo\\\/image\\\/\",\"url\":\"https:\\\/\\\/svenskamedbaby.se\\\/wp-content\\\/uploads\\\/2024\\\/01\\\/cropped-logo-liggande_orange.png\",\"contentUrl\":\"https:\\\/\\\/svenskamedbaby.se\\\/wp-content\\\/uploads\\\/2024\\\/01\\\/cropped-logo-liggande_orange.png\",\"width\":3101,\"height\":1056,\"caption\":\"Svenska med baby\"},\"image\":{\"@id\":\"https:\\\/\\\/svenskamedbaby.se\\\/#\\\/schema\\\/logo\\\/image\\\/\"},\"sameAs\":[\"https:\\\/\\\/www.facebook.com\\\/svenskamedbaby\",\"https:\\\/\\\/www.instagram.com\\\/svenskamedbaby\\\/\",\"https:\\\/\\\/www.youtube.com\\\/@svenskamedbaby2469\"]}]}<\/script>\n<!-- \/ Yoast SEO plugin. -->","yoast_head_json":{"title":"Grannfesten - En dag f\u00f6r hela g\u00e5rden! - Svenska med baby","description":"Tillsammans l\u00e4r vi k\u00e4nna varandra och utforskar hur man kan skapa ett tryggt och trivsamt bostadsomr\u00e5de. Vi fikar, umg\u00e5s och l\u00e4r k\u00e4nna varandra \u2013 en rolig stund d\u00e4r vi bygger gemenskap och trygghet tillsammans.F\u00f6r f\u00f6r\u00e4ldrar, barn och seniorer","robots":{"index":"index","follow":"follow","max-snippet":"max-snippet:-1","max-image-preview":"max-image-preview:large","max-video-preview":"max-video-preview:-1"},"canonical":"https:\/\/svenskamedbaby.se\/fa_ir\/verksamheter\/grannfesten-en-dag-for-hela-garden\/","og_locale":"fa_IR","og_type":"article","og_title":"Grannfesten - En dag f\u00f6r hela g\u00e5rden! - Svenska med baby","og_description":"Tillsammans l\u00e4r vi k\u00e4nna varandra och utforskar hur man kan skapa ett tryggt och trivsamt bostadsomr\u00e5de. Vi fikar, umg\u00e5s och l\u00e4r k\u00e4nna varandra \u2013 en rolig stund d\u00e4r vi bygger gemenskap och trygghet tillsammans.F\u00f6r f\u00f6r\u00e4ldrar, barn och seniorer","og_url":"https:\/\/svenskamedbaby.se\/fa_ir\/verksamheter\/grannfesten-en-dag-for-hela-garden\/","og_site_name":"Svenska med baby","article_publisher":"https:\/\/www.facebook.com\/svenskamedbaby","article_modified_time":"2026-04-09T08:08:52+00:00","og_image":[{"width":2000,"height":1333,"url":"https:\/\/svenskamedbaby.se\/wp-content\/uploads\/2024\/09\/Event_TIA_geografi.jpg","type":"image\/jpeg"}],"twitter_card":"summary_large_image","twitter_misc":{"\u0632\u0645\u0627\u0646 \u062a\u0642\u0631\u06cc\u0628\u06cc \u0628\u0631\u0627\u06cc \u062e\u0648\u0627\u0646\u062f\u0646":"1 \u062f\u0642\u06cc\u0642\u0647"},"schema":{"@context":"https:\/\/schema.org","@graph":[{"@type":"WebPage","@id":"https:\/\/svenskamedbaby.se\/verksamheter\/grannfesten-en-dag-for-hela-garden\/","url":"https:\/\/svenskamedbaby.se\/verksamheter\/grannfesten-en-dag-for-hela-garden\/","name":"Grannfesten - En dag f\u00f6r hela g\u00e5rden! - Svenska med baby","isPartOf":{"@id":"https:\/\/svenskamedbaby.se\/#website"},"primaryImageOfPage":{"@id":"https:\/\/svenskamedbaby.se\/verksamheter\/grannfesten-en-dag-for-hela-garden\/#primaryimage"},"image":{"@id":"https:\/\/svenskamedbaby.se\/verksamheter\/grannfesten-en-dag-for-hela-garden\/#primaryimage"},"thumbnailUrl":"https:\/\/svenskamedbaby.se\/wp-content\/uploads\/2024\/09\/Event_TIA_geografi.jpg","datePublished":"2026-01-20T13:00:41+00:00","dateModified":"2026-04-09T08:08:52+00:00","description":"Tillsammans l\u00e4r vi k\u00e4nna varandra och utforskar hur man kan skapa ett tryggt och trivsamt bostadsomr\u00e5de. Vi fikar, umg\u00e5s och l\u00e4r k\u00e4nna varandra \u2013 en rolig stund d\u00e4r vi bygger gemenskap och trygghet tillsammans.F\u00f6r f\u00f6r\u00e4ldrar, barn och seniorer","breadcrumb":{"@id":"https:\/\/svenskamedbaby.se\/verksamheter\/grannfesten-en-dag-for-hela-garden\/#breadcrumb"},"inLanguage":"fa-IR","potentialAction":[{"@type":"ReadAction","target":["https:\/\/svenskamedbaby.se\/verksamheter\/grannfesten-en-dag-for-hela-garden\/"]}]},{"@type":"ImageObject","inLanguage":"fa-IR","@id":"https:\/\/svenskamedbaby.se\/verksamheter\/grannfesten-en-dag-for-hela-garden\/#primaryimage","url":"https:\/\/svenskamedbaby.se\/wp-content\/uploads\/2024\/09\/Event_TIA_geografi.jpg","contentUrl":"https:\/\/svenskamedbaby.se\/wp-content\/uploads\/2024\/09\/Event_TIA_geografi.jpg","width":2000,"height":1333},{"@type":"BreadcrumbList","@id":"https:\/\/svenskamedbaby.se\/verksamheter\/grannfesten-en-dag-for-hela-garden\/#breadcrumb","itemListElement":[{"@type":"ListItem","position":1,"name":"Home","item":"https:\/\/svenskamedbaby.se\/"},{"@type":"ListItem","position":2,"name":"Evenemang","item":"https:\/\/svenskamedbaby.se\/verksamheter\/"},{"@type":"ListItem","position":3,"name":"Grannfesten &#8211; En dag f\u00f6r hela g\u00e5rden!"}]},{"@type":"WebSite","@id":"https:\/\/svenskamedbaby.se\/#website","url":"https:\/\/svenskamedbaby.se\/","name":"Svenska med baby","description":"\u062c\u0644\u0633\u0627\u062a \u0628\u0631\u0627\u06cc \u06a9\u0648\u062f\u06a9\u0627\u0646 \u0646\u0648\u067e\u0627 \u0648 \u0628\u0632\u0631\u06af\u0633\u0627\u0644\u0627\u0646 \u0628\u0627 \u067e\u06cc\u0634\u06cc\u0646\u0647 \u0647\u0627\u06cc \u0645\u062e\u062a\u0644\u0641","publisher":{"@id":"https:\/\/svenskamedbaby.se\/#organization"},"potentialAction":[{"@type":"SearchAction","target":{"@type":"EntryPoint","urlTemplate":"https:\/\/svenskamedbaby.se\/?s={search_term_string}"},"query-input":{"@type":"PropertyValueSpecification","valueRequired":true,"valueName":"search_term_string"}}],"inLanguage":"fa-IR"},{"@type":"Organization","@id":"https:\/\/svenskamedbaby.se\/#organization","name":"Svenska med baby","url":"https:\/\/svenskamedbaby.se\/","logo":{"@type":"ImageObject","inLanguage":"fa-IR","@id":"https:\/\/svenskamedbaby.se\/#\/schema\/logo\/image\/","url":"https:\/\/svenskamedbaby.se\/wp-content\/uploads\/2024\/01\/cropped-logo-liggande_orange.png","contentUrl":"https:\/\/svenskamedbaby.se\/wp-content\/uploads\/2024\/01\/cropped-logo-liggande_orange.png","width":3101,"height":1056,"caption":"Svenska med baby"},"image":{"@id":"https:\/\/svenskamedbaby.se\/#\/schema\/logo\/image\/"},"sameAs":["https:\/\/www.facebook.com\/svenskamedbaby","https:\/\/www.instagram.com\/svenskamedbaby\/","https:\/\/www.youtube.com\/@svenskamedbaby2469"]}]}},"_links":{"self":[{"href":"https:\/\/svenskamedbaby.se\/fa_ir\/wp-json\/wp\/v2\/mec-events\/4379","targetHints":{"allow":["GET"]}}],"collection":[{"href":"https:\/\/svenskamedbaby.se\/fa_ir\/wp-json\/wp\/v2\/mec-events"}],"about":[{"href":"https:\/\/svenskamedbaby.se\/fa_ir\/wp-json\/wp\/v2\/types\/mec-events"}],"author":[{"embeddable":true,"href":"https:\/\/svenskamedbaby.se\/fa_ir\/wp-json\/wp\/v2\/users\/20"}],"replies":[{"embeddable":true,"href":"https:\/\/svenskamedbaby.se\/fa_ir\/wp-json\/wp\/v2\/comments?post=4379"}],"wp:featuredmedia":[{"embeddable":true,"href":"https:\/\/svenskamedbaby.se\/fa_ir\/wp-json\/wp\/v2\/media\/2050"}],"wp:attachment":[{"href":"https:\/\/svenskamedbaby.se\/fa_ir\/wp-json\/wp\/v2\/media?parent=4379"}],"wp:term":[{"taxonomy":"post_tag","embeddable":true,"href":"https:\/\/svenskamedbaby.se\/fa_ir\/wp-json\/wp\/v2\/tags?post=4379"},{"taxonomy":"mec_category","embeddable":true,"href":"https:\/\/svenskamedbaby.se\/fa_ir\/wp-json\/wp\/v2\/mec_category?post=4379"},{"taxonomy":"mec_sponsor","embeddable":true,"href":"https:\/\/svenskamedbaby.se\/fa_ir\/wp-json\/wp\/v2\/mec_sponsor?post=4379"}],"curies":[{"name":"wp","href":"https:\/\/api.w.org\/{rel}","templated":true}]}}