{"id":4382,"date":"2026-01-20T13:16:55","date_gmt":"2026-01-20T13:16:55","guid":{"rendered":"https:\/\/svenskamedbaby.se\/?post_type=mec-events&#038;p=4382"},"modified":"2026-03-24T11:13:02","modified_gmt":"2026-03-24T11:13:02","slug":"gron-familjefest-tillsammans-bygger-vi-framtiden","status":"publish","type":"mec-events","link":"https:\/\/svenskamedbaby.se\/fa_ir\/verksamheter\/gron-familjefest-tillsammans-bygger-vi-framtiden\/","title":{"rendered":"Gr\u00f6n familjefest &#8211; Tillsammans bygger vi framtiden!"},"content":{"rendered":"<p>V\u00e4lkommen till  familjetr\u00e4ff i H\u00e4sselby! Vi har en h\u00e4rlig sommarfest d\u00e4r vi firar. Tillsammans skapar vi en \u201dframtidstr\u00e4dg\u00e5rd\u201d Vi planterar fr\u00f6n som en symbol f\u00f6r gemenskap och v\u00e4xande. Vi g\u00f6r \u00f6nskefj\u00e4rilar med dr\u00f6mmar och hopp inf\u00f6r framtiden, leker, pysslar och njuter av mat, musik och sommark\u00e4nsla.<br>F\u00f6r f\u00f6r\u00e4ldrar, barn och seniorer.<\/p>\n\n\n\n<p><\/p>","protected":false},"excerpt":{"rendered":"<p>V\u00e4lkommen till familjetr\u00e4ff i H\u00e4sselby! Vi har en h\u00e4rlig sommarfest d\u00e4r vi firar. Tillsammans skapar vi en \u201dframtidstr\u00e4dg\u00e5rd\u201d Vi planterar fr\u00f6n som en symbol f\u00f6r gemenskap och v\u00e4xande. Vi g\u00f6r \u00f6nskefj\u00e4rilar med dr\u00f6mmar och hopp inf\u00f6r framtiden, leker, pysslar och njuter av mat, musik och sommark\u00e4nsla.F\u00f6r f\u00f6r\u00e4ldrar, barn och seniorer.<\/p>","protected":false},"author":20,"featured_media":1858,"comment_status":"closed","ping_status":"closed","template":"","meta":{"_kad_post_transparent":"","_kad_post_title":"","_kad_post_layout":"","_kad_post_sidebar_id":"","_kad_post_content_style":"","_kad_post_vertical_padding":"","_kad_post_feature":"","_kad_post_feature_position":"","_kad_post_header":false,"_kad_post_footer":false},"tags":[],"mec_category":[20],"mec_sponsor":[],"class_list":["post-4382","mec-events","type-mec-events","status-publish","has-post-thumbnail","hentry","mec_category-familjetraffar"],"yoast_head":"<!-- This site is optimized with the Yoast SEO plugin v27.5 - https:\/\/yoast.com\/product\/yoast-seo-wordpress\/ -->\n<title>Gr\u00f6n familjefest - Tillsammans bygger vi framtiden! - Svenska med baby<\/title>\n<meta name=\"description\" content=\"V\u00e4lkommen till terminens sista familjetr\u00e4ff i H\u00e4sselby! Vi avslutar v\u00e5ren med en h\u00e4rlig sommarfest d\u00e4r vi firar. Tillsammans skapar vi en \u201dframtidstr\u00e4dg\u00e5rd\u201d Vi planterar fr\u00f6n som en symbol f\u00f6r gemenskap och v\u00e4xande. F\u00f6r f\u00f6r\u00e4ldrar, barn och seniorer.\" \/>\n<meta name=\"robots\" content=\"index, follow, max-snippet:-1, max-image-preview:large, max-video-preview:-1\" \/>\n<link rel=\"canonical\" href=\"https:\/\/svenskamedbaby.se\/fa_ir\/verksamheter\/gron-familjefest-tillsammans-bygger-vi-framtiden\/\" \/>\n<meta property=\"og:locale\" content=\"fa_IR\" \/>\n<meta property=\"og:type\" content=\"article\" \/>\n<meta property=\"og:title\" content=\"Gr\u00f6n familjefest - Tillsammans bygger vi framtiden! - Svenska med baby\" \/>\n<meta property=\"og:description\" content=\"V\u00e4lkommen till terminens sista familjetr\u00e4ff i H\u00e4sselby! Vi avslutar v\u00e5ren med en h\u00e4rlig sommarfest d\u00e4r vi firar. Tillsammans skapar vi en \u201dframtidstr\u00e4dg\u00e5rd\u201d Vi planterar fr\u00f6n som en symbol f\u00f6r gemenskap och v\u00e4xande. F\u00f6r f\u00f6r\u00e4ldrar, barn och seniorer.\" \/>\n<meta property=\"og:url\" content=\"https:\/\/svenskamedbaby.se\/fa_ir\/verksamheter\/gron-familjefest-tillsammans-bygger-vi-framtiden\/\" \/>\n<meta property=\"og:site_name\" content=\"Svenska med baby\" \/>\n<meta property=\"article:publisher\" content=\"https:\/\/www.facebook.com\/svenskamedbaby\" \/>\n<meta property=\"article:modified_time\" content=\"2026-03-24T11:13:02+00:00\" \/>\n<meta property=\"og:image\" content=\"https:\/\/svenskamedbaby.se\/wp-content\/uploads\/2024\/08\/Event_Familjetraff_familjetraff.jpg\" \/>\n\t<meta property=\"og:image:width\" content=\"2000\" \/>\n\t<meta property=\"og:image:height\" content=\"1333\" \/>\n\t<meta property=\"og:image:type\" content=\"image\/jpeg\" \/>\n<meta name=\"twitter:card\" content=\"summary_large_image\" \/>\n<meta name=\"twitter:label1\" content=\"\u0632\u0645\u0627\u0646 \u062a\u0642\u0631\u06cc\u0628\u06cc \u0628\u0631\u0627\u06cc \u062e\u0648\u0627\u0646\u062f\u0646\" \/>\n\t<meta name=\"twitter:data1\" content=\"1 \u062f\u0642\u06cc\u0642\u0647\" \/>\n<script type=\"application\/ld+json\" class=\"yoast-schema-graph\">{\"@context\":\"https:\\\/\\\/schema.org\",\"@graph\":[{\"@type\":\"WebPage\",\"@id\":\"https:\\\/\\\/svenskamedbaby.se\\\/verksamheter\\\/gron-familjefest-tillsammans-bygger-vi-framtiden\\\/\",\"url\":\"https:\\\/\\\/svenskamedbaby.se\\\/verksamheter\\\/gron-familjefest-tillsammans-bygger-vi-framtiden\\\/\",\"name\":\"Gr\u00f6n familjefest - Tillsammans bygger vi framtiden! - Svenska med baby\",\"isPartOf\":{\"@id\":\"https:\\\/\\\/svenskamedbaby.se\\\/#website\"},\"primaryImageOfPage\":{\"@id\":\"https:\\\/\\\/svenskamedbaby.se\\\/verksamheter\\\/gron-familjefest-tillsammans-bygger-vi-framtiden\\\/#primaryimage\"},\"image\":{\"@id\":\"https:\\\/\\\/svenskamedbaby.se\\\/verksamheter\\\/gron-familjefest-tillsammans-bygger-vi-framtiden\\\/#primaryimage\"},\"thumbnailUrl\":\"https:\\\/\\\/svenskamedbaby.se\\\/wp-content\\\/uploads\\\/2024\\\/08\\\/Event_Familjetraff_familjetraff.jpg\",\"datePublished\":\"2026-01-20T13:16:55+00:00\",\"dateModified\":\"2026-03-24T11:13:02+00:00\",\"description\":\"V\u00e4lkommen till terminens sista familjetr\u00e4ff i H\u00e4sselby! Vi avslutar v\u00e5ren med en h\u00e4rlig sommarfest d\u00e4r vi firar. Tillsammans skapar vi en \u201dframtidstr\u00e4dg\u00e5rd\u201d Vi planterar fr\u00f6n som en symbol f\u00f6r gemenskap och v\u00e4xande. F\u00f6r f\u00f6r\u00e4ldrar, barn och seniorer.\",\"breadcrumb\":{\"@id\":\"https:\\\/\\\/svenskamedbaby.se\\\/verksamheter\\\/gron-familjefest-tillsammans-bygger-vi-framtiden\\\/#breadcrumb\"},\"inLanguage\":\"fa-IR\",\"potentialAction\":[{\"@type\":\"ReadAction\",\"target\":[\"https:\\\/\\\/svenskamedbaby.se\\\/verksamheter\\\/gron-familjefest-tillsammans-bygger-vi-framtiden\\\/\"]}]},{\"@type\":\"ImageObject\",\"inLanguage\":\"fa-IR\",\"@id\":\"https:\\\/\\\/svenskamedbaby.se\\\/verksamheter\\\/gron-familjefest-tillsammans-bygger-vi-framtiden\\\/#primaryimage\",\"url\":\"https:\\\/\\\/svenskamedbaby.se\\\/wp-content\\\/uploads\\\/2024\\\/08\\\/Event_Familjetraff_familjetraff.jpg\",\"contentUrl\":\"https:\\\/\\\/svenskamedbaby.se\\\/wp-content\\\/uploads\\\/2024\\\/08\\\/Event_Familjetraff_familjetraff.jpg\",\"width\":2000,\"height\":1333},{\"@type\":\"BreadcrumbList\",\"@id\":\"https:\\\/\\\/svenskamedbaby.se\\\/verksamheter\\\/gron-familjefest-tillsammans-bygger-vi-framtiden\\\/#breadcrumb\",\"itemListElement\":[{\"@type\":\"ListItem\",\"position\":1,\"name\":\"Home\",\"item\":\"https:\\\/\\\/svenskamedbaby.se\\\/\"},{\"@type\":\"ListItem\",\"position\":2,\"name\":\"Evenemang\",\"item\":\"https:\\\/\\\/svenskamedbaby.se\\\/verksamheter\\\/\"},{\"@type\":\"ListItem\",\"position\":3,\"name\":\"Gr\u00f6n familjefest &#8211; Tillsammans bygger vi framtiden!\"}]},{\"@type\":\"WebSite\",\"@id\":\"https:\\\/\\\/svenskamedbaby.se\\\/#website\",\"url\":\"https:\\\/\\\/svenskamedbaby.se\\\/\",\"name\":\"Svenska med baby\",\"description\":\"Tr\u00e4ffar f\u00f6r sm\u00e5barn och vuxna med olika bakrund\",\"publisher\":{\"@id\":\"https:\\\/\\\/svenskamedbaby.se\\\/#organization\"},\"potentialAction\":[{\"@type\":\"SearchAction\",\"target\":{\"@type\":\"EntryPoint\",\"urlTemplate\":\"https:\\\/\\\/svenskamedbaby.se\\\/?s={search_term_string}\"},\"query-input\":{\"@type\":\"PropertyValueSpecification\",\"valueRequired\":true,\"valueName\":\"search_term_string\"}}],\"inLanguage\":\"fa-IR\"},{\"@type\":\"Organization\",\"@id\":\"https:\\\/\\\/svenskamedbaby.se\\\/#organization\",\"name\":\"Svenska med baby\",\"url\":\"https:\\\/\\\/svenskamedbaby.se\\\/\",\"logo\":{\"@type\":\"ImageObject\",\"inLanguage\":\"fa-IR\",\"@id\":\"https:\\\/\\\/svenskamedbaby.se\\\/#\\\/schema\\\/logo\\\/image\\\/\",\"url\":\"https:\\\/\\\/svenskamedbaby.se\\\/wp-content\\\/uploads\\\/2024\\\/01\\\/cropped-logo-liggande_orange.png\",\"contentUrl\":\"https:\\\/\\\/svenskamedbaby.se\\\/wp-content\\\/uploads\\\/2024\\\/01\\\/cropped-logo-liggande_orange.png\",\"width\":3101,\"height\":1056,\"caption\":\"Svenska med baby\"},\"image\":{\"@id\":\"https:\\\/\\\/svenskamedbaby.se\\\/#\\\/schema\\\/logo\\\/image\\\/\"},\"sameAs\":[\"https:\\\/\\\/www.facebook.com\\\/svenskamedbaby\",\"https:\\\/\\\/www.instagram.com\\\/svenskamedbaby\\\/\",\"https:\\\/\\\/www.youtube.com\\\/@svenskamedbaby2469\"]}]}<\/script>\n<!-- \/ Yoast SEO plugin. -->","yoast_head_json":{"title":"Gr\u00f6n familjefest - Tillsammans bygger vi framtiden! - Svenska med baby","description":"V\u00e4lkommen till terminens sista familjetr\u00e4ff i H\u00e4sselby! Vi avslutar v\u00e5ren med en h\u00e4rlig sommarfest d\u00e4r vi firar. Tillsammans skapar vi en \u201dframtidstr\u00e4dg\u00e5rd\u201d Vi planterar fr\u00f6n som en symbol f\u00f6r gemenskap och v\u00e4xande. F\u00f6r f\u00f6r\u00e4ldrar, barn och seniorer.","robots":{"index":"index","follow":"follow","max-snippet":"max-snippet:-1","max-image-preview":"max-image-preview:large","max-video-preview":"max-video-preview:-1"},"canonical":"https:\/\/svenskamedbaby.se\/fa_ir\/verksamheter\/gron-familjefest-tillsammans-bygger-vi-framtiden\/","og_locale":"fa_IR","og_type":"article","og_title":"Gr\u00f6n familjefest - Tillsammans bygger vi framtiden! - Svenska med baby","og_description":"V\u00e4lkommen till terminens sista familjetr\u00e4ff i H\u00e4sselby! Vi avslutar v\u00e5ren med en h\u00e4rlig sommarfest d\u00e4r vi firar. Tillsammans skapar vi en \u201dframtidstr\u00e4dg\u00e5rd\u201d Vi planterar fr\u00f6n som en symbol f\u00f6r gemenskap och v\u00e4xande. F\u00f6r f\u00f6r\u00e4ldrar, barn och seniorer.","og_url":"https:\/\/svenskamedbaby.se\/fa_ir\/verksamheter\/gron-familjefest-tillsammans-bygger-vi-framtiden\/","og_site_name":"Svenska med baby","article_publisher":"https:\/\/www.facebook.com\/svenskamedbaby","article_modified_time":"2026-03-24T11:13:02+00:00","og_image":[{"width":2000,"height":1333,"url":"https:\/\/svenskamedbaby.se\/wp-content\/uploads\/2024\/08\/Event_Familjetraff_familjetraff.jpg","type":"image\/jpeg"}],"twitter_card":"summary_large_image","twitter_misc":{"\u0632\u0645\u0627\u0646 \u062a\u0642\u0631\u06cc\u0628\u06cc \u0628\u0631\u0627\u06cc \u062e\u0648\u0627\u0646\u062f\u0646":"1 \u062f\u0642\u06cc\u0642\u0647"},"schema":{"@context":"https:\/\/schema.org","@graph":[{"@type":"WebPage","@id":"https:\/\/svenskamedbaby.se\/verksamheter\/gron-familjefest-tillsammans-bygger-vi-framtiden\/","url":"https:\/\/svenskamedbaby.se\/verksamheter\/gron-familjefest-tillsammans-bygger-vi-framtiden\/","name":"Gr\u00f6n familjefest - Tillsammans bygger vi framtiden! - Svenska med baby","isPartOf":{"@id":"https:\/\/svenskamedbaby.se\/#website"},"primaryImageOfPage":{"@id":"https:\/\/svenskamedbaby.se\/verksamheter\/gron-familjefest-tillsammans-bygger-vi-framtiden\/#primaryimage"},"image":{"@id":"https:\/\/svenskamedbaby.se\/verksamheter\/gron-familjefest-tillsammans-bygger-vi-framtiden\/#primaryimage"},"thumbnailUrl":"https:\/\/svenskamedbaby.se\/wp-content\/uploads\/2024\/08\/Event_Familjetraff_familjetraff.jpg","datePublished":"2026-01-20T13:16:55+00:00","dateModified":"2026-03-24T11:13:02+00:00","description":"V\u00e4lkommen till terminens sista familjetr\u00e4ff i H\u00e4sselby! Vi avslutar v\u00e5ren med en h\u00e4rlig sommarfest d\u00e4r vi firar. Tillsammans skapar vi en \u201dframtidstr\u00e4dg\u00e5rd\u201d Vi planterar fr\u00f6n som en symbol f\u00f6r gemenskap och v\u00e4xande. F\u00f6r f\u00f6r\u00e4ldrar, barn och seniorer.","breadcrumb":{"@id":"https:\/\/svenskamedbaby.se\/verksamheter\/gron-familjefest-tillsammans-bygger-vi-framtiden\/#breadcrumb"},"inLanguage":"fa-IR","potentialAction":[{"@type":"ReadAction","target":["https:\/\/svenskamedbaby.se\/verksamheter\/gron-familjefest-tillsammans-bygger-vi-framtiden\/"]}]},{"@type":"ImageObject","inLanguage":"fa-IR","@id":"https:\/\/svenskamedbaby.se\/verksamheter\/gron-familjefest-tillsammans-bygger-vi-framtiden\/#primaryimage","url":"https:\/\/svenskamedbaby.se\/wp-content\/uploads\/2024\/08\/Event_Familjetraff_familjetraff.jpg","contentUrl":"https:\/\/svenskamedbaby.se\/wp-content\/uploads\/2024\/08\/Event_Familjetraff_familjetraff.jpg","width":2000,"height":1333},{"@type":"BreadcrumbList","@id":"https:\/\/svenskamedbaby.se\/verksamheter\/gron-familjefest-tillsammans-bygger-vi-framtiden\/#breadcrumb","itemListElement":[{"@type":"ListItem","position":1,"name":"Home","item":"https:\/\/svenskamedbaby.se\/"},{"@type":"ListItem","position":2,"name":"Evenemang","item":"https:\/\/svenskamedbaby.se\/verksamheter\/"},{"@type":"ListItem","position":3,"name":"Gr\u00f6n familjefest &#8211; Tillsammans bygger vi framtiden!"}]},{"@type":"WebSite","@id":"https:\/\/svenskamedbaby.se\/#website","url":"https:\/\/svenskamedbaby.se\/","name":"Svenska med baby","description":"\u062c\u0644\u0633\u0627\u062a \u0628\u0631\u0627\u06cc \u06a9\u0648\u062f\u06a9\u0627\u0646 \u0646\u0648\u067e\u0627 \u0648 \u0628\u0632\u0631\u06af\u0633\u0627\u0644\u0627\u0646 \u0628\u0627 \u067e\u06cc\u0634\u06cc\u0646\u0647 \u0647\u0627\u06cc \u0645\u062e\u062a\u0644\u0641","publisher":{"@id":"https:\/\/svenskamedbaby.se\/#organization"},"potentialAction":[{"@type":"SearchAction","target":{"@type":"EntryPoint","urlTemplate":"https:\/\/svenskamedbaby.se\/?s={search_term_string}"},"query-input":{"@type":"PropertyValueSpecification","valueRequired":true,"valueName":"search_term_string"}}],"inLanguage":"fa-IR"},{"@type":"Organization","@id":"https:\/\/svenskamedbaby.se\/#organization","name":"Svenska med baby","url":"https:\/\/svenskamedbaby.se\/","logo":{"@type":"ImageObject","inLanguage":"fa-IR","@id":"https:\/\/svenskamedbaby.se\/#\/schema\/logo\/image\/","url":"https:\/\/svenskamedbaby.se\/wp-content\/uploads\/2024\/01\/cropped-logo-liggande_orange.png","contentUrl":"https:\/\/svenskamedbaby.se\/wp-content\/uploads\/2024\/01\/cropped-logo-liggande_orange.png","width":3101,"height":1056,"caption":"Svenska med baby"},"image":{"@id":"https:\/\/svenskamedbaby.se\/#\/schema\/logo\/image\/"},"sameAs":["https:\/\/www.facebook.com\/svenskamedbaby","https:\/\/www.instagram.com\/svenskamedbaby\/","https:\/\/www.youtube.com\/@svenskamedbaby2469"]}]}},"_links":{"self":[{"href":"https:\/\/svenskamedbaby.se\/fa_ir\/wp-json\/wp\/v2\/mec-events\/4382","targetHints":{"allow":["GET"]}}],"collection":[{"href":"https:\/\/svenskamedbaby.se\/fa_ir\/wp-json\/wp\/v2\/mec-events"}],"about":[{"href":"https:\/\/svenskamedbaby.se\/fa_ir\/wp-json\/wp\/v2\/types\/mec-events"}],"author":[{"embeddable":true,"href":"https:\/\/svenskamedbaby.se\/fa_ir\/wp-json\/wp\/v2\/users\/20"}],"replies":[{"embeddable":true,"href":"https:\/\/svenskamedbaby.se\/fa_ir\/wp-json\/wp\/v2\/comments?post=4382"}],"wp:featuredmedia":[{"embeddable":true,"href":"https:\/\/svenskamedbaby.se\/fa_ir\/wp-json\/wp\/v2\/media\/1858"}],"wp:attachment":[{"href":"https:\/\/svenskamedbaby.se\/fa_ir\/wp-json\/wp\/v2\/media?parent=4382"}],"wp:term":[{"taxonomy":"post_tag","embeddable":true,"href":"https:\/\/svenskamedbaby.se\/fa_ir\/wp-json\/wp\/v2\/tags?post=4382"},{"taxonomy":"mec_category","embeddable":true,"href":"https:\/\/svenskamedbaby.se\/fa_ir\/wp-json\/wp\/v2\/mec_category?post=4382"},{"taxonomy":"mec_sponsor","embeddable":true,"href":"https:\/\/svenskamedbaby.se\/fa_ir\/wp-json\/wp\/v2\/mec_sponsor?post=4382"}],"curies":[{"name":"wp","href":"https:\/\/api.w.org\/{rel}","templated":true}]}}